{"id":2681,"date":"2018-11-26T11:32:27","date_gmt":"2018-11-26T10:32:27","guid":{"rendered":"https:\/\/www.sudvitrailmosaique.fr\/?post_type=product&#038;p=2681"},"modified":"2025-12-05T19:13:25","modified_gmt":"2025-12-05T18:13:25","slug":"formation-decouverte-vitrail-brignoles","status":"publish","type":"product","link":"https:\/\/www.sudvitrailmosaique.fr\/index.php\/produit\/formation-decouverte-vitrail-brignoles\/","title":{"rendered":"Formation vitrail d\u00e9couverte"},"content":{"rendered":"\t\t<div data-elementor-type=\"wp-post\" data-elementor-id=\"2681\" class=\"elementor elementor-2681\">\n\t\t\t\t\t\t<section class=\"elementor-section elementor-top-section elementor-element elementor-element-b00e242 elementor-section-boxed elementor-section-height-default elementor-section-height-default\" data-id=\"b00e242\" data-element_type=\"section\" data-e-type=\"section\">\n\t\t\t\t\t\t<div class=\"elementor-container elementor-column-gap-default\">\n\t\t\t\t\t<div class=\"elementor-column elementor-col-100 elementor-top-column elementor-element elementor-element-1711e4f\" data-id=\"1711e4f\" data-element_type=\"column\" data-e-type=\"column\">\n\t\t\t<div class=\"elementor-widget-wrap elementor-element-populated\">\n\t\t\t\t\t\t<div class=\"elementor-element elementor-element-f9b654a elementor-widget elementor-widget-heading\" data-id=\"f9b654a\" data-element_type=\"widget\" data-e-type=\"widget\" data-widget_type=\"heading.default\">\n\t\t\t\t<div class=\"elementor-widget-container\">\n\t\t\t\t\t<h2 class=\"elementor-heading-title elementor-size-large\">Formation vitrail d\u00e9couverte : stage vitrail d'une journ\u00e9e<\/h2>\t\t\t\t<\/div>\n\t\t\t\t<\/div>\n\t\t\t\t\t<\/div>\n\t\t<\/div>\n\t\t\t\t\t<\/div>\n\t\t<\/section>\n\t\t\t\t<section class=\"elementor-section elementor-top-section elementor-element elementor-element-5be090d2 elementor-section-boxed elementor-section-height-default elementor-section-height-default\" data-id=\"5be090d2\" data-element_type=\"section\" data-e-type=\"section\">\n\t\t\t\t\t\t<div class=\"elementor-container elementor-column-gap-default\">\n\t\t\t\t\t<div class=\"elementor-column elementor-col-100 elementor-top-column elementor-element elementor-element-535eeac0\" data-id=\"535eeac0\" data-element_type=\"column\" data-e-type=\"column\">\n\t\t\t<div class=\"elementor-widget-wrap elementor-element-populated\">\n\t\t\t\t\t\t<div class=\"elementor-element elementor-element-5a6b8b8c elementor-widget elementor-widget-text-editor\" data-id=\"5a6b8b8c\" data-element_type=\"widget\" data-e-type=\"widget\" data-widget_type=\"text-editor.default\">\n\t\t\t\t<div class=\"elementor-widget-container\">\n\t\t\t\t\t\t\t\t\t<p>Vous aimez le vitrail ? Vous souhaitez d\u00e9couvrir sa technique de fabrication ? Cette formation vitrail est pour vous.<br>Venez d\u00e9couvrir dans l&rsquo;atelier Sud Vitrail Mosa\u00efque la technique ancestrale du <a href=\"https:\/\/www.sudvitrailmosaique.fr\/index.php\/formation-stage-creatifs-vitrail\/initiation-vitrail-plomb\/\">vitrail traditionnel au plomb<\/a> ou la technique du <a href=\"https:\/\/www.sudvitrailmosaique.fr\/index.php\/formation-stage-creatifs-vitrail\/stage-initiation-vitrail-tiffany\/\">vitrail \u00ab\u00a0Tiffany\u00a0\u00bb<\/a> plus contemporaine.<\/p>\n<p>Le stage \u00ab\u00a0Journ\u00e9e d\u00e9couverte\u00a0\u00bb vous permettra de connaitre les outils ainsi que les \u00e9tapes principales pour r\u00e9aliser un petit vitrail (en exemple : un photophore avec 1 face travaill\u00e9e et 3 faces unies.)<\/p>\t\t\t\t\t\t\t\t<\/div>\n\t\t\t\t<\/div>\n\t\t\t\t\t<\/div>\n\t\t<\/div>\n\t\t\t\t\t<\/div>\n\t\t<\/section>\n\t\t\t\t<section class=\"elementor-section elementor-top-section elementor-element elementor-element-587d3cfb elementor-section-content-middle elementor-section-boxed elementor-section-height-default elementor-section-height-default\" data-id=\"587d3cfb\" data-element_type=\"section\" data-e-type=\"section\">\n\t\t\t\t\t\t<div class=\"elementor-container elementor-column-gap-default\">\n\t\t\t\t\t<div class=\"elementor-column elementor-col-50 elementor-top-column elementor-element elementor-element-76aaa3a7\" data-id=\"76aaa3a7\" data-element_type=\"column\" data-e-type=\"column\">\n\t\t\t<div class=\"elementor-widget-wrap elementor-element-populated\">\n\t\t\t\t\t\t<div class=\"elementor-element elementor-element-20ada781 elementor-widget elementor-widget-heading\" data-id=\"20ada781\" data-element_type=\"widget\" data-e-type=\"widget\" data-widget_type=\"heading.default\">\n\t\t\t\t<div class=\"elementor-widget-container\">\n\t\t\t\t\t<h2 class=\"elementor-heading-title elementor-size-large\">Journ\u00e9e d\u00e9couverte du vitrail<\/h2>\t\t\t\t<\/div>\n\t\t\t\t<\/div>\n\t\t\t\t<div class=\"elementor-element elementor-element-52e57bb4 elementor-widget elementor-widget-text-editor\" data-id=\"52e57bb4\" data-element_type=\"widget\" data-e-type=\"widget\" data-widget_type=\"text-editor.default\">\n\t\t\t\t<div class=\"elementor-widget-container\">\n\t\t\t\t\t\t\t\t\t<p style=\"text-align: left;\">Vous aurez un accompagnement personnalis\u00e9 durant les 7 heures du stage vitrail.<\/p>\t\t\t\t\t\t\t\t<\/div>\n\t\t\t\t<\/div>\n\t\t\t\t\t<\/div>\n\t\t<\/div>\n\t\t\t\t<div class=\"elementor-column elementor-col-50 elementor-top-column elementor-element elementor-element-5240e14f\" data-id=\"5240e14f\" data-element_type=\"column\" data-e-type=\"column\">\n\t\t\t<div class=\"elementor-widget-wrap elementor-element-populated\">\n\t\t\t\t\t\t<div class=\"elementor-element elementor-element-16692ca6 elementor-widget elementor-widget-image\" data-id=\"16692ca6\" data-element_type=\"widget\" data-e-type=\"widget\" data-widget_type=\"image.default\">\n\t\t\t\t<div class=\"elementor-widget-container\">\n\t\t\t\t\t\t\t\t\t\t\t\t\t\t\t<img fetchpriority=\"high\" decoding=\"async\" width=\"1024\" height=\"765\" src=\"https:\/\/www.sudvitrailmosaique.fr\/wp-content\/uploads\/2018\/11\/Stage-decouverte-Sudvitrailmosaique.jpg\" class=\"attachment-full size-full wp-image-2716\" alt=\"Formation d\u00e9couverte du vitrail &quot;Tiffany&quot; \u00e0 l&#039;atelier Sud Vitrail Mosa\u00efque. Brignoles (Var)\" srcset=\"https:\/\/www.sudvitrailmosaique.fr\/wp-content\/uploads\/2018\/11\/Stage-decouverte-Sudvitrailmosaique.jpg 1024w, https:\/\/www.sudvitrailmosaique.fr\/wp-content\/uploads\/2018\/11\/Stage-decouverte-Sudvitrailmosaique-600x448.jpg 600w, https:\/\/www.sudvitrailmosaique.fr\/wp-content\/uploads\/2018\/11\/Stage-decouverte-Sudvitrailmosaique-300x224.jpg 300w, https:\/\/www.sudvitrailmosaique.fr\/wp-content\/uploads\/2018\/11\/Stage-decouverte-Sudvitrailmosaique-768x574.jpg 768w\" sizes=\"(max-width: 1024px) 100vw, 1024px\" \/>\t\t\t\t\t\t\t\t\t\t\t\t\t\t\t<\/div>\n\t\t\t\t<\/div>\n\t\t\t\t\t<\/div>\n\t\t<\/div>\n\t\t\t\t\t<\/div>\n\t\t<\/section>\n\t\t\t\t<section class=\"elementor-section elementor-top-section elementor-element elementor-element-25b4d4c elementor-section-content-middle elementor-reverse-mobile elementor-section-boxed elementor-section-height-default elementor-section-height-default\" data-id=\"25b4d4c\" data-element_type=\"section\" data-e-type=\"section\">\n\t\t\t\t\t\t<div class=\"elementor-container elementor-column-gap-default\">\n\t\t\t\t\t<div class=\"elementor-column elementor-col-50 elementor-top-column elementor-element elementor-element-2d52a4e1\" data-id=\"2d52a4e1\" data-element_type=\"column\" data-e-type=\"column\">\n\t\t\t<div class=\"elementor-widget-wrap elementor-element-populated\">\n\t\t\t\t\t\t<div class=\"elementor-element elementor-element-14670dcb elementor-widget elementor-widget-image\" data-id=\"14670dcb\" data-element_type=\"widget\" data-e-type=\"widget\" data-widget_type=\"image.default\">\n\t\t\t\t<div class=\"elementor-widget-container\">\n\t\t\t\t\t\t\t\t\t\t\t\t\t\t\t<img decoding=\"async\" width=\"1024\" height=\"768\" src=\"https:\/\/www.sudvitrailmosaique.fr\/wp-content\/uploads\/2018\/11\/Stagevitrail-decouverte-sudvitrailmosaique.jpg\" class=\"attachment-full size-full wp-image-2714\" alt=\"Formation d\u00e9couverte du vitrail &quot;Tiffany&quot; \u00e0 l&#039;atelier Sud Vitrail Mosa\u00efque. Brignoles (Var) R\u00e9alisation d&#039;un photophore en vitrail &quot;Tiffany&quot;\" srcset=\"https:\/\/www.sudvitrailmosaique.fr\/wp-content\/uploads\/2018\/11\/Stagevitrail-decouverte-sudvitrailmosaique.jpg 1024w, https:\/\/www.sudvitrailmosaique.fr\/wp-content\/uploads\/2018\/11\/Stagevitrail-decouverte-sudvitrailmosaique-600x450.jpg 600w, https:\/\/www.sudvitrailmosaique.fr\/wp-content\/uploads\/2018\/11\/Stagevitrail-decouverte-sudvitrailmosaique-300x225.jpg 300w, https:\/\/www.sudvitrailmosaique.fr\/wp-content\/uploads\/2018\/11\/Stagevitrail-decouverte-sudvitrailmosaique-768x576.jpg 768w\" sizes=\"(max-width: 1024px) 100vw, 1024px\" \/>\t\t\t\t\t\t\t\t\t\t\t\t\t\t\t<\/div>\n\t\t\t\t<\/div>\n\t\t\t\t\t<\/div>\n\t\t<\/div>\n\t\t\t\t<div class=\"elementor-column elementor-col-50 elementor-top-column elementor-element elementor-element-628c56bf\" data-id=\"628c56bf\" data-element_type=\"column\" data-e-type=\"column\">\n\t\t\t<div class=\"elementor-widget-wrap elementor-element-populated\">\n\t\t\t\t\t\t<div class=\"elementor-element elementor-element-34b7bdb6 elementor-widget elementor-widget-heading\" data-id=\"34b7bdb6\" data-element_type=\"widget\" data-e-type=\"widget\" data-widget_type=\"heading.default\">\n\t\t\t\t<div class=\"elementor-widget-container\">\n\t\t\t\t\t<h2 class=\"elementor-heading-title elementor-size-large\">Journ\u00e9e d\u00e9couverte du vitrail<\/h2>\t\t\t\t<\/div>\n\t\t\t\t<\/div>\n\t\t\t\t<div class=\"elementor-element elementor-element-79e89fc7 elementor-widget elementor-widget-text-editor\" data-id=\"79e89fc7\" data-element_type=\"widget\" data-e-type=\"widget\" data-widget_type=\"text-editor.default\">\n\t\t\t\t<div class=\"elementor-widget-container\">\n\t\t\t\t\t\t\t\t\t<p>R\u00e9alisation du travail de soudure du photophore en vitrail \u00ab\u00a0Tiffany\u00a0\u00bb<\/p>\t\t\t\t\t\t\t\t<\/div>\n\t\t\t\t<\/div>\n\t\t\t\t\t<\/div>\n\t\t<\/div>\n\t\t\t\t\t<\/div>\n\t\t<\/section>\n\t\t\t\t<section class=\"elementor-section elementor-top-section elementor-element elementor-element-26ddf26e elementor-section-content-middle elementor-section-boxed elementor-section-height-default elementor-section-height-default\" data-id=\"26ddf26e\" data-element_type=\"section\" data-e-type=\"section\" data-settings=\"{&quot;background_background&quot;:&quot;classic&quot;}\">\n\t\t\t\t\t\t<div class=\"elementor-container elementor-column-gap-default\">\n\t\t\t\t\t<div class=\"elementor-column elementor-col-50 elementor-top-column elementor-element elementor-element-7b701f7c\" data-id=\"7b701f7c\" data-element_type=\"column\" data-e-type=\"column\">\n\t\t\t<div class=\"elementor-widget-wrap elementor-element-populated\">\n\t\t\t\t\t\t<div class=\"elementor-element elementor-element-3ce7921c elementor-widget elementor-widget-heading\" data-id=\"3ce7921c\" data-element_type=\"widget\" data-e-type=\"widget\" data-widget_type=\"heading.default\">\n\t\t\t\t<div class=\"elementor-widget-container\">\n\t\t\t\t\t<h2 class=\"elementor-heading-title elementor-size-large\">Journ\u00e9e d\u00e9couverte du vitrail<\/h2>\t\t\t\t<\/div>\n\t\t\t\t<\/div>\n\t\t\t\t<div class=\"elementor-element elementor-element-393bd0f7 elementor-widget elementor-widget-text-editor\" data-id=\"393bd0f7\" data-element_type=\"widget\" data-e-type=\"widget\" data-widget_type=\"text-editor.default\">\n\t\t\t\t<div class=\"elementor-widget-container\">\n\t\t\t\t\t\t\t\t\t<p>H\u00e9 voil\u00e0 ! le photophore est r\u00e9alis\u00e9 \u00e0 l&rsquo;issue du stage vitrail d\u00e9couverte.<br \/>Les cr\u00e9ations r\u00e9alis\u00e9es restent la propri\u00e9t\u00e9 du stagiaire.<\/p>\t\t\t\t\t\t\t\t<\/div>\n\t\t\t\t<\/div>\n\t\t\t\t\t<\/div>\n\t\t<\/div>\n\t\t\t\t<div class=\"elementor-column elementor-col-50 elementor-top-column elementor-element elementor-element-7b9a9a91\" data-id=\"7b9a9a91\" data-element_type=\"column\" data-e-type=\"column\">\n\t\t\t<div class=\"elementor-widget-wrap elementor-element-populated\">\n\t\t\t\t\t\t<div class=\"elementor-element elementor-element-613b9e3d elementor-widget elementor-widget-image\" data-id=\"613b9e3d\" data-element_type=\"widget\" data-e-type=\"widget\" data-widget_type=\"image.default\">\n\t\t\t\t<div class=\"elementor-widget-container\">\n\t\t\t\t\t\t\t\t\t\t\t\t\t\t\t<img decoding=\"async\" width=\"1024\" height=\"768\" src=\"https:\/\/www.sudvitrailmosaique.fr\/wp-content\/uploads\/2018\/11\/Formation-Stagedecouverte-Sudvitrailmosaique.jpg\" class=\"attachment-full size-full wp-image-2715\" alt=\"Formation d\u00e9couverte du vitrail &quot;Tiffany&quot; \u00e0 l&#039;atelier Sud Vitrail Mosa\u00efque. Brignoles (Var) R\u00e9alisation d&#039;un photophore en vitrail &quot;Tiffany&quot;\" srcset=\"https:\/\/www.sudvitrailmosaique.fr\/wp-content\/uploads\/2018\/11\/Formation-Stagedecouverte-Sudvitrailmosaique.jpg 1024w, https:\/\/www.sudvitrailmosaique.fr\/wp-content\/uploads\/2018\/11\/Formation-Stagedecouverte-Sudvitrailmosaique-600x450.jpg 600w, https:\/\/www.sudvitrailmosaique.fr\/wp-content\/uploads\/2018\/11\/Formation-Stagedecouverte-Sudvitrailmosaique-300x225.jpg 300w, https:\/\/www.sudvitrailmosaique.fr\/wp-content\/uploads\/2018\/11\/Formation-Stagedecouverte-Sudvitrailmosaique-768x576.jpg 768w\" sizes=\"(max-width: 1024px) 100vw, 1024px\" \/>\t\t\t\t\t\t\t\t\t\t\t\t\t\t\t<\/div>\n\t\t\t\t<\/div>\n\t\t\t\t\t<\/div>\n\t\t<\/div>\n\t\t\t\t\t<\/div>\n\t\t<\/section>\n\t\t\t\t<section class=\"elementor-section elementor-top-section elementor-element elementor-element-2180ad8 elementor-section-boxed elementor-section-height-default elementor-section-height-default\" data-id=\"2180ad8\" data-element_type=\"section\" data-e-type=\"section\">\n\t\t\t\t\t\t<div class=\"elementor-container elementor-column-gap-default\">\n\t\t\t\t\t<div class=\"elementor-column elementor-col-100 elementor-top-column elementor-element elementor-element-9ddde59\" data-id=\"9ddde59\" data-element_type=\"column\" data-e-type=\"column\">\n\t\t\t<div class=\"elementor-widget-wrap elementor-element-populated\">\n\t\t\t\t\t\t<div class=\"elementor-element elementor-element-362d466 elementor-widget elementor-widget-text-editor\" data-id=\"362d466\" data-element_type=\"widget\" data-e-type=\"widget\" data-widget_type=\"text-editor.default\">\n\t\t\t\t<div class=\"elementor-widget-container\">\n\t\t\t\t\t\t\t\t\t<p>L&rsquo;atelier Sud Vitrail Mosa\u00efque organise d&rsquo;autres formules de formation au vitrail. Des stages d&rsquo;initiation et de perfectionnement au vitrail sur 5 jours sont propos\u00e9s. Si vous le d\u00e9sirez vous pouvez suivre, un<a href=\"https:\/\/www.sudvitrailmosaique.fr\/index.php\/formation-stage-creatifs-vitrail\/stage-initiation-vitrail-tiffany\/\"> stage vitrail \u00ab\u00a0Tiffany\u00a0\u00bb<\/a> ou un <a href=\"https:\/\/www.sudvitrailmosaique.fr\/index.php\/formation-stage-creatifs-vitrail\/initiation-vitrail-plomb\/\">stage vitrail traditionnel au plomb<\/a>.<\/p><p>Pour tout renseignement<\/p>\t\t\t\t\t\t\t\t<\/div>\n\t\t\t\t<\/div>\n\t\t\t\t<div class=\"elementor-element elementor-element-4c87f92 elementor-button-info elementor-align-center elementor-widget elementor-widget-button\" data-id=\"4c87f92\" data-element_type=\"widget\" data-e-type=\"widget\" data-widget_type=\"button.default\">\n\t\t\t\t<div class=\"elementor-widget-container\">\n\t\t\t\t\t\t\t\t\t<div class=\"elementor-button-wrapper\">\n\t\t\t\t\t<a class=\"elementor-button elementor-button-link elementor-size-md\" href=\"https:\/\/www.sudvitrailmosaique.fr\/index.php\/contact\/\">\n\t\t\t\t\t\t<span class=\"elementor-button-content-wrapper\">\n\t\t\t\t\t\t\t\t\t<span class=\"elementor-button-text\">Cliquez ici<\/span>\n\t\t\t\t\t<\/span>\n\t\t\t\t\t<\/a>\n\t\t\t\t<\/div>\n\t\t\t\t\t\t\t\t<\/div>\n\t\t\t\t<\/div>\n\t\t\t\t\t<\/div>\n\t\t<\/div>\n\t\t\t\t\t<\/div>\n\t\t<\/section>\n\t\t\t\t<\/div>\n\t\t","protected":false},"excerpt":{"rendered":"<p>Venez d\u00e9couvrir la r\u00e9alisation d&rsquo;un vitrail en suivant 1 journ\u00e9e formation d\u00e9couverte.<\/p>\n<p><a href=\"https:\/\/www.sudvitrailmosaique.fr\/index.php\/contact\/\">Appelez moi<\/a> pour d\u00e9finir une date.<\/p>\n","protected":false},"featured_media":3224,"comment_status":"closed","ping_status":"closed","template":"","meta":{"ocean_post_layout":"","ocean_both_sidebars_style":"","ocean_both_sidebars_content_width":0,"ocean_both_sidebars_sidebars_width":0,"ocean_sidebar":"0","ocean_second_sidebar":"0","ocean_disable_margins":"enable","ocean_add_body_class":"","ocean_shortcode_before_top_bar":"","ocean_shortcode_after_top_bar":"","ocean_shortcode_before_header":"","ocean_shortcode_after_header":"","ocean_has_shortcode":"","ocean_shortcode_after_title":"","ocean_shortcode_before_footer_widgets":"","ocean_shortcode_after_footer_widgets":"","ocean_shortcode_before_footer_bottom":"","ocean_shortcode_after_footer_bottom":"","ocean_display_top_bar":"default","ocean_display_header":"default","ocean_header_style":"","ocean_center_header_left_menu":"0","ocean_custom_header_template":"0","ocean_custom_logo":0,"ocean_custom_retina_logo":0,"ocean_custom_logo_max_width":0,"ocean_custom_logo_tablet_max_width":0,"ocean_custom_logo_mobile_max_width":0,"ocean_custom_logo_max_height":0,"ocean_custom_logo_tablet_max_height":0,"ocean_custom_logo_mobile_max_height":0,"ocean_header_custom_menu":"0","ocean_menu_typo_font_family":"0","ocean_menu_typo_font_subset":"","ocean_menu_typo_font_size":0,"ocean_menu_typo_font_size_tablet":0,"ocean_menu_typo_font_size_mobile":0,"ocean_menu_typo_font_size_unit":"px","ocean_menu_typo_font_weight":"","ocean_menu_typo_font_weight_tablet":"","ocean_menu_typo_font_weight_mobile":"","ocean_menu_typo_transform":"","ocean_menu_typo_transform_tablet":"","ocean_menu_typo_transform_mobile":"","ocean_menu_typo_line_height":0,"ocean_menu_typo_line_height_tablet":0,"ocean_menu_typo_line_height_mobile":0,"ocean_menu_typo_line_height_unit":"","ocean_menu_typo_spacing":0,"ocean_menu_typo_spacing_tablet":0,"ocean_menu_typo_spacing_mobile":0,"ocean_menu_typo_spacing_unit":"","ocean_menu_link_color":"","ocean_menu_link_color_hover":"","ocean_menu_link_color_active":"","ocean_menu_link_background":"","ocean_menu_link_hover_background":"","ocean_menu_link_active_background":"","ocean_menu_social_links_bg":"","ocean_menu_social_hover_links_bg":"","ocean_menu_social_links_color":"","ocean_menu_social_hover_links_color":"","ocean_disable_title":"default","ocean_disable_heading":"default","ocean_post_title":"","ocean_post_subheading":"","ocean_post_title_style":"","ocean_post_title_background_color":"","ocean_post_title_background":0,"ocean_post_title_bg_image_position":"","ocean_post_title_bg_image_attachment":"","ocean_post_title_bg_image_repeat":"","ocean_post_title_bg_image_size":"","ocean_post_title_height":0,"ocean_post_title_bg_overlay":0.5,"ocean_post_title_bg_overlay_color":"","ocean_disable_breadcrumbs":"default","ocean_breadcrumbs_color":"","ocean_breadcrumbs_separator_color":"","ocean_breadcrumbs_links_color":"","ocean_breadcrumbs_links_hover_color":"","ocean_display_footer_widgets":"default","ocean_display_footer_bottom":"default","ocean_custom_footer_template":"0"},"product_brand":[],"product_cat":[114],"product_tag":[],"giftcard-category":[],"class_list":{"0":"post-2681","1":"product","2":"type-product","3":"status-publish","4":"has-post-thumbnail","6":"product_cat-stage-journee-decouverte","8":"entry","9":"has-media","11":"first","12":"outofstock","13":"downloadable","14":"virtual","15":"sold-individually","16":"purchasable","17":"product-type-simple","18":"has-product-nav","19":"col","20":"span_1_of_4","21":"owp-content-center","22":"item-entry","23":"owp-thumbs-layout-horizontal","24":"owp-btn-very-big","25":"owp-tabs-layout-horizontal","27":"circle-sale"},"yoast_head":"<!-- This site is optimized with the Yoast SEO plugin v27.4 - https:\/\/yoast.com\/product\/yoast-seo-wordpress\/ -->\n<title>Formation vitrail 1 journ\u00e9e d\u00e9couverte - Sud Vitrail Mosa\u00efque<\/title>\n<meta name=\"description\" content=\"Sud Vitrail Mosa\u00efque anime une formation vitrail en journ\u00e9e d\u00e9couverte \u00e0 Brignoles (Var). D\u00e9couvrez le vitrail et r\u00e9alisez 1 mini vitrail personnalis\u00e9.\" \/>\n<meta name=\"robots\" content=\"index, follow, max-snippet:-1, max-image-preview:large, max-video-preview:-1\" \/>\n<link rel=\"canonical\" href=\"https:\/\/www.sudvitrailmosaique.fr\/index.php\/produit\/formation-decouverte-vitrail-brignoles\/\" \/>\n<meta property=\"og:locale\" content=\"fr_FR\" \/>\n<meta property=\"og:type\" content=\"article\" \/>\n<meta property=\"og:title\" content=\"Formation vitrail 1 journ\u00e9e d\u00e9couverte - Sud Vitrail Mosa\u00efque\" \/>\n<meta property=\"og:description\" content=\"Sud Vitrail Mosa\u00efque anime une formation vitrail en journ\u00e9e d\u00e9couverte \u00e0 Brignoles (Var). D\u00e9couvrez le vitrail et r\u00e9alisez 1 mini vitrail personnalis\u00e9.\" \/>\n<meta property=\"og:url\" content=\"https:\/\/www.sudvitrailmosaique.fr\/index.php\/produit\/formation-decouverte-vitrail-brignoles\/\" \/>\n<meta property=\"og:site_name\" content=\"Sud Vitrail Mosa\u00efque\" \/>\n<meta property=\"article:publisher\" content=\"https:\/\/www.facebook.com\/Sudvitrailmosaique\/\" \/>\n<meta property=\"article:modified_time\" content=\"2025-12-05T18:13:25+00:00\" \/>\n<meta property=\"og:image\" content=\"https:\/\/www.sudvitrailmosaique.fr\/wp-content\/uploads\/2019\/02\/Formations-vitrail-journee-decouverte-sudvitrailmoaique-brignoles-var.jpg\" \/>\n\t<meta property=\"og:image:width\" content=\"768\" \/>\n\t<meta property=\"og:image:height\" content=\"1024\" \/>\n\t<meta property=\"og:image:type\" content=\"image\/jpeg\" \/>\n<meta name=\"twitter:label1\" content=\"Dur\u00e9e de lecture estim\u00e9e\" \/>\n\t<meta name=\"twitter:data1\" content=\"2 minutes\" \/>\n<script type=\"application\/ld+json\" class=\"yoast-schema-graph\">{\"@context\":\"https:\\\/\\\/schema.org\",\"@graph\":[{\"@type\":\"WebPage\",\"@id\":\"https:\\\/\\\/www.sudvitrailmosaique.fr\\\/index.php\\\/produit\\\/formation-decouverte-vitrail-brignoles\\\/\",\"url\":\"https:\\\/\\\/www.sudvitrailmosaique.fr\\\/index.php\\\/produit\\\/formation-decouverte-vitrail-brignoles\\\/\",\"name\":\"Formation vitrail 1 journ\u00e9e d\u00e9couverte - Sud Vitrail Mosa\u00efque\",\"isPartOf\":{\"@id\":\"https:\\\/\\\/www.sudvitrailmosaique.fr\\\/#website\"},\"primaryImageOfPage\":{\"@id\":\"https:\\\/\\\/www.sudvitrailmosaique.fr\\\/index.php\\\/produit\\\/formation-decouverte-vitrail-brignoles\\\/#primaryimage\"},\"image\":{\"@id\":\"https:\\\/\\\/www.sudvitrailmosaique.fr\\\/index.php\\\/produit\\\/formation-decouverte-vitrail-brignoles\\\/#primaryimage\"},\"thumbnailUrl\":\"https:\\\/\\\/www.sudvitrailmosaique.fr\\\/wp-content\\\/uploads\\\/2019\\\/02\\\/Formations-vitrail-journee-decouverte-sudvitrailmoaique-brignoles-var.jpg\",\"datePublished\":\"2018-11-26T10:32:27+00:00\",\"dateModified\":\"2025-12-05T18:13:25+00:00\",\"description\":\"Sud Vitrail Mosa\u00efque anime une formation vitrail en journ\u00e9e d\u00e9couverte \u00e0 Brignoles (Var). D\u00e9couvrez le vitrail et r\u00e9alisez 1 mini vitrail personnalis\u00e9.\",\"breadcrumb\":{\"@id\":\"https:\\\/\\\/www.sudvitrailmosaique.fr\\\/index.php\\\/produit\\\/formation-decouverte-vitrail-brignoles\\\/#breadcrumb\"},\"inLanguage\":\"fr-FR\",\"potentialAction\":[{\"@type\":\"ReadAction\",\"target\":[\"https:\\\/\\\/www.sudvitrailmosaique.fr\\\/index.php\\\/produit\\\/formation-decouverte-vitrail-brignoles\\\/\"]}]},{\"@type\":\"ImageObject\",\"inLanguage\":\"fr-FR\",\"@id\":\"https:\\\/\\\/www.sudvitrailmosaique.fr\\\/index.php\\\/produit\\\/formation-decouverte-vitrail-brignoles\\\/#primaryimage\",\"url\":\"https:\\\/\\\/www.sudvitrailmosaique.fr\\\/wp-content\\\/uploads\\\/2019\\\/02\\\/Formations-vitrail-journee-decouverte-sudvitrailmoaique-brignoles-var.jpg\",\"contentUrl\":\"https:\\\/\\\/www.sudvitrailmosaique.fr\\\/wp-content\\\/uploads\\\/2019\\\/02\\\/Formations-vitrail-journee-decouverte-sudvitrailmoaique-brignoles-var.jpg\",\"width\":768,\"height\":1024,\"caption\":\"Formation Vitrail en Journ\u00e9e d\u00e9couverte - Sud Vitrail Mosaique \u00e0 Brignoles Var\"},{\"@type\":\"BreadcrumbList\",\"@id\":\"https:\\\/\\\/www.sudvitrailmosaique.fr\\\/index.php\\\/produit\\\/formation-decouverte-vitrail-brignoles\\\/#breadcrumb\",\"itemListElement\":[{\"@type\":\"ListItem\",\"position\":1,\"name\":\"Accueil\",\"item\":\"https:\\\/\\\/www.sudvitrailmosaique.fr\\\/\"},{\"@type\":\"ListItem\",\"position\":2,\"name\":\"Boutique\",\"item\":\"https:\\\/\\\/www.sudvitrailmosaique.fr\\\/index.php\\\/boutique\\\/\"},{\"@type\":\"ListItem\",\"position\":3,\"name\":\"Formation vitrail\",\"item\":\"https:\\\/\\\/www.sudvitrailmosaique.fr\\\/index.php\\\/categorie-produit\\\/formation-vitrail\\\/\"},{\"@type\":\"ListItem\",\"position\":4,\"name\":\"Stage Journ\u00e9e d\u00e9couverte\",\"item\":\"https:\\\/\\\/www.sudvitrailmosaique.fr\\\/index.php\\\/categorie-produit\\\/formation-vitrail\\\/stage-journee-decouverte\\\/\"},{\"@type\":\"ListItem\",\"position\":5,\"name\":\"Formation vitrail d\u00e9couverte\"}]},{\"@type\":\"WebSite\",\"@id\":\"https:\\\/\\\/www.sudvitrailmosaique.fr\\\/#website\",\"url\":\"https:\\\/\\\/www.sudvitrailmosaique.fr\\\/\",\"name\":\"Sud Vitrail Mosa\u00efque\",\"description\":\"La magie du Vitrail et de la Mosa\u00efque \u00e0 Brignoles (83170) dans le Var\",\"publisher\":{\"@id\":\"https:\\\/\\\/www.sudvitrailmosaique.fr\\\/#organization\"},\"potentialAction\":[{\"@type\":\"SearchAction\",\"target\":{\"@type\":\"EntryPoint\",\"urlTemplate\":\"https:\\\/\\\/www.sudvitrailmosaique.fr\\\/?s={search_term_string}\"},\"query-input\":{\"@type\":\"PropertyValueSpecification\",\"valueRequired\":true,\"valueName\":\"search_term_string\"}}],\"inLanguage\":\"fr-FR\"},{\"@type\":\"Organization\",\"@id\":\"https:\\\/\\\/www.sudvitrailmosaique.fr\\\/#organization\",\"name\":\"SUD VITRAIL MOSA\u00cfQUE\",\"url\":\"https:\\\/\\\/www.sudvitrailmosaique.fr\\\/\",\"logo\":{\"@type\":\"ImageObject\",\"inLanguage\":\"fr-FR\",\"@id\":\"https:\\\/\\\/www.sudvitrailmosaique.fr\\\/#\\\/schema\\\/logo\\\/image\\\/\",\"url\":\"https:\\\/\\\/www.sudvitrailmosaique.fr\\\/wp-content\\\/uploads\\\/2014\\\/01\\\/logo1.png\",\"contentUrl\":\"https:\\\/\\\/www.sudvitrailmosaique.fr\\\/wp-content\\\/uploads\\\/2014\\\/01\\\/logo1.png\",\"width\":120,\"height\":120,\"caption\":\"SUD VITRAIL MOSA\u00cfQUE\"},\"image\":{\"@id\":\"https:\\\/\\\/www.sudvitrailmosaique.fr\\\/#\\\/schema\\\/logo\\\/image\\\/\"},\"sameAs\":[\"https:\\\/\\\/www.facebook.com\\\/Sudvitrailmosaique\\\/\",\"https:\\\/\\\/www.pinterest.fr\\\/cjegauthier\\\/\",\"https:\\\/\\\/www.instagram.com\\\/sudvitrailmosaique\\\/\"]}]}<\/script>\n<!-- \/ Yoast SEO plugin. -->","yoast_head_json":{"title":"Formation vitrail 1 journ\u00e9e d\u00e9couverte - Sud Vitrail Mosa\u00efque","description":"Sud Vitrail Mosa\u00efque anime une formation vitrail en journ\u00e9e d\u00e9couverte \u00e0 Brignoles (Var). D\u00e9couvrez le vitrail et r\u00e9alisez 1 mini vitrail personnalis\u00e9.","robots":{"index":"index","follow":"follow","max-snippet":"max-snippet:-1","max-image-preview":"max-image-preview:large","max-video-preview":"max-video-preview:-1"},"canonical":"https:\/\/www.sudvitrailmosaique.fr\/index.php\/produit\/formation-decouverte-vitrail-brignoles\/","og_locale":"fr_FR","og_type":"article","og_title":"Formation vitrail 1 journ\u00e9e d\u00e9couverte - Sud Vitrail Mosa\u00efque","og_description":"Sud Vitrail Mosa\u00efque anime une formation vitrail en journ\u00e9e d\u00e9couverte \u00e0 Brignoles (Var). D\u00e9couvrez le vitrail et r\u00e9alisez 1 mini vitrail personnalis\u00e9.","og_url":"https:\/\/www.sudvitrailmosaique.fr\/index.php\/produit\/formation-decouverte-vitrail-brignoles\/","og_site_name":"Sud Vitrail Mosa\u00efque","article_publisher":"https:\/\/www.facebook.com\/Sudvitrailmosaique\/","article_modified_time":"2025-12-05T18:13:25+00:00","og_image":[{"width":768,"height":1024,"url":"https:\/\/www.sudvitrailmosaique.fr\/wp-content\/uploads\/2019\/02\/Formations-vitrail-journee-decouverte-sudvitrailmoaique-brignoles-var.jpg","type":"image\/jpeg"}],"twitter_misc":{"Dur\u00e9e de lecture estim\u00e9e":"2 minutes"},"schema":{"@context":"https:\/\/schema.org","@graph":[{"@type":"WebPage","@id":"https:\/\/www.sudvitrailmosaique.fr\/index.php\/produit\/formation-decouverte-vitrail-brignoles\/","url":"https:\/\/www.sudvitrailmosaique.fr\/index.php\/produit\/formation-decouverte-vitrail-brignoles\/","name":"Formation vitrail 1 journ\u00e9e d\u00e9couverte - Sud Vitrail Mosa\u00efque","isPartOf":{"@id":"https:\/\/www.sudvitrailmosaique.fr\/#website"},"primaryImageOfPage":{"@id":"https:\/\/www.sudvitrailmosaique.fr\/index.php\/produit\/formation-decouverte-vitrail-brignoles\/#primaryimage"},"image":{"@id":"https:\/\/www.sudvitrailmosaique.fr\/index.php\/produit\/formation-decouverte-vitrail-brignoles\/#primaryimage"},"thumbnailUrl":"https:\/\/www.sudvitrailmosaique.fr\/wp-content\/uploads\/2019\/02\/Formations-vitrail-journee-decouverte-sudvitrailmoaique-brignoles-var.jpg","datePublished":"2018-11-26T10:32:27+00:00","dateModified":"2025-12-05T18:13:25+00:00","description":"Sud Vitrail Mosa\u00efque anime une formation vitrail en journ\u00e9e d\u00e9couverte \u00e0 Brignoles (Var). D\u00e9couvrez le vitrail et r\u00e9alisez 1 mini vitrail personnalis\u00e9.","breadcrumb":{"@id":"https:\/\/www.sudvitrailmosaique.fr\/index.php\/produit\/formation-decouverte-vitrail-brignoles\/#breadcrumb"},"inLanguage":"fr-FR","potentialAction":[{"@type":"ReadAction","target":["https:\/\/www.sudvitrailmosaique.fr\/index.php\/produit\/formation-decouverte-vitrail-brignoles\/"]}]},{"@type":"ImageObject","inLanguage":"fr-FR","@id":"https:\/\/www.sudvitrailmosaique.fr\/index.php\/produit\/formation-decouverte-vitrail-brignoles\/#primaryimage","url":"https:\/\/www.sudvitrailmosaique.fr\/wp-content\/uploads\/2019\/02\/Formations-vitrail-journee-decouverte-sudvitrailmoaique-brignoles-var.jpg","contentUrl":"https:\/\/www.sudvitrailmosaique.fr\/wp-content\/uploads\/2019\/02\/Formations-vitrail-journee-decouverte-sudvitrailmoaique-brignoles-var.jpg","width":768,"height":1024,"caption":"Formation Vitrail en Journ\u00e9e d\u00e9couverte - Sud Vitrail Mosaique \u00e0 Brignoles Var"},{"@type":"BreadcrumbList","@id":"https:\/\/www.sudvitrailmosaique.fr\/index.php\/produit\/formation-decouverte-vitrail-brignoles\/#breadcrumb","itemListElement":[{"@type":"ListItem","position":1,"name":"Accueil","item":"https:\/\/www.sudvitrailmosaique.fr\/"},{"@type":"ListItem","position":2,"name":"Boutique","item":"https:\/\/www.sudvitrailmosaique.fr\/index.php\/boutique\/"},{"@type":"ListItem","position":3,"name":"Formation vitrail","item":"https:\/\/www.sudvitrailmosaique.fr\/index.php\/categorie-produit\/formation-vitrail\/"},{"@type":"ListItem","position":4,"name":"Stage Journ\u00e9e d\u00e9couverte","item":"https:\/\/www.sudvitrailmosaique.fr\/index.php\/categorie-produit\/formation-vitrail\/stage-journee-decouverte\/"},{"@type":"ListItem","position":5,"name":"Formation vitrail d\u00e9couverte"}]},{"@type":"WebSite","@id":"https:\/\/www.sudvitrailmosaique.fr\/#website","url":"https:\/\/www.sudvitrailmosaique.fr\/","name":"Sud Vitrail Mosa\u00efque","description":"La magie du Vitrail et de la Mosa\u00efque \u00e0 Brignoles (83170) dans le Var","publisher":{"@id":"https:\/\/www.sudvitrailmosaique.fr\/#organization"},"potentialAction":[{"@type":"SearchAction","target":{"@type":"EntryPoint","urlTemplate":"https:\/\/www.sudvitrailmosaique.fr\/?s={search_term_string}"},"query-input":{"@type":"PropertyValueSpecification","valueRequired":true,"valueName":"search_term_string"}}],"inLanguage":"fr-FR"},{"@type":"Organization","@id":"https:\/\/www.sudvitrailmosaique.fr\/#organization","name":"SUD VITRAIL MOSA\u00cfQUE","url":"https:\/\/www.sudvitrailmosaique.fr\/","logo":{"@type":"ImageObject","inLanguage":"fr-FR","@id":"https:\/\/www.sudvitrailmosaique.fr\/#\/schema\/logo\/image\/","url":"https:\/\/www.sudvitrailmosaique.fr\/wp-content\/uploads\/2014\/01\/logo1.png","contentUrl":"https:\/\/www.sudvitrailmosaique.fr\/wp-content\/uploads\/2014\/01\/logo1.png","width":120,"height":120,"caption":"SUD VITRAIL MOSA\u00cfQUE"},"image":{"@id":"https:\/\/www.sudvitrailmosaique.fr\/#\/schema\/logo\/image\/"},"sameAs":["https:\/\/www.facebook.com\/Sudvitrailmosaique\/","https:\/\/www.pinterest.fr\/cjegauthier\/","https:\/\/www.instagram.com\/sudvitrailmosaique\/"]}]}},"_links":{"self":[{"href":"https:\/\/www.sudvitrailmosaique.fr\/index.php\/wp-json\/wp\/v2\/product\/2681","targetHints":{"allow":["GET"]}}],"collection":[{"href":"https:\/\/www.sudvitrailmosaique.fr\/index.php\/wp-json\/wp\/v2\/product"}],"about":[{"href":"https:\/\/www.sudvitrailmosaique.fr\/index.php\/wp-json\/wp\/v2\/types\/product"}],"replies":[{"embeddable":true,"href":"https:\/\/www.sudvitrailmosaique.fr\/index.php\/wp-json\/wp\/v2\/comments?post=2681"}],"version-history":[{"count":1,"href":"https:\/\/www.sudvitrailmosaique.fr\/index.php\/wp-json\/wp\/v2\/product\/2681\/revisions"}],"predecessor-version":[{"id":8892,"href":"https:\/\/www.sudvitrailmosaique.fr\/index.php\/wp-json\/wp\/v2\/product\/2681\/revisions\/8892"}],"wp:featuredmedia":[{"embeddable":true,"href":"https:\/\/www.sudvitrailmosaique.fr\/index.php\/wp-json\/wp\/v2\/media\/3224"}],"wp:attachment":[{"href":"https:\/\/www.sudvitrailmosaique.fr\/index.php\/wp-json\/wp\/v2\/media?parent=2681"}],"wp:term":[{"taxonomy":"product_brand","embeddable":true,"href":"https:\/\/www.sudvitrailmosaique.fr\/index.php\/wp-json\/wp\/v2\/product_brand?post=2681"},{"taxonomy":"product_cat","embeddable":true,"href":"https:\/\/www.sudvitrailmosaique.fr\/index.php\/wp-json\/wp\/v2\/product_cat?post=2681"},{"taxonomy":"product_tag","embeddable":true,"href":"https:\/\/www.sudvitrailmosaique.fr\/index.php\/wp-json\/wp\/v2\/product_tag?post=2681"},{"taxonomy":"giftcard-category","embeddable":true,"href":"https:\/\/www.sudvitrailmosaique.fr\/index.php\/wp-json\/wp\/v2\/giftcard-category?post=2681"}],"curies":[{"name":"wp","href":"https:\/\/api.w.org\/{rel}","templated":true}]}}