{"id":8221,"date":"2024-08-10T05:35:45","date_gmt":"2024-08-10T04:35:45","guid":{"rendered":"https:\/\/www.sudvitrailmosaique.fr\/?page_id=8221"},"modified":"2025-05-26T08:52:12","modified_gmt":"2025-05-26T07:52:12","slug":"formations-vitrail-mosaique","status":"publish","type":"page","link":"https:\/\/www.sudvitrailmosaique.fr\/index.php\/formations-vitrail-mosaique\/","title":{"rendered":"Formations Vitrail et Mosa\u00efque"},"content":{"rendered":"\t\t<div data-elementor-type=\"wp-page\" data-elementor-id=\"8221\" class=\"elementor elementor-8221\">\n\t\t\t\t\t\t<section class=\"elementor-section elementor-top-section elementor-element elementor-element-c8845db elementor-section-full_width elementor-section-height-default elementor-section-height-default\" data-id=\"c8845db\" data-element_type=\"section\" data-e-type=\"section\">\n\t\t\t\t\t\t<div class=\"elementor-container elementor-column-gap-default\">\n\t\t\t\t\t<div class=\"elementor-column elementor-col-100 elementor-top-column elementor-element elementor-element-4033f5e\" data-id=\"4033f5e\" data-element_type=\"column\" data-e-type=\"column\">\n\t\t\t<div class=\"elementor-widget-wrap elementor-element-populated\">\n\t\t\t\t\t\t<div class=\"elementor-element elementor-element-447bab9 eael-product-grid-column-3 eael-product-grid-column-tablet-3 elementor-widget__width-inherit elementor-widget elementor-widget-eicon-woocommerce\" data-id=\"447bab9\" data-element_type=\"widget\" data-e-type=\"widget\" data-widget_type=\"eicon-woocommerce.default\">\n\t\t\t\t<div class=\"elementor-widget-container\">\n\t\t\t\t\t\n        <div class=\"eael-product-grid eael-product-simple grid\" id=\"eael-product-grid\" data-widget-id=\"447bab9\" data-page-id=\"8221\" data-nonce=\"ad3ea23f37\" >\n            <div class=\"woocommerce\">\n                <ul class=\"products eael-post-appender eael-post-appender-447bab9\" data-ssi-desktop=\"no\" data-ssi-tablet=\"no\" data-ssi-mobile=\"no\" data-layout-mode=\"grid\"> <li class=\"product \">\n<div class=\"eael-product-wrap\" data-src=\"\" data-src-hover=\"\">\n    <a href=\"https:\/\/www.sudvitrailmosaique.fr\/index.php\/produit\/carte-cadeau\/\" class=\"woocommerce-LoopProduct-link woocommerce-loop-product__link\"><img fetchpriority=\"high\" decoding=\"async\" width=\"600\" height=\"600\" src=\"https:\/\/www.sudvitrailmosaique.fr\/wp-content\/uploads\/2020\/06\/Carte-cadeau-Sudvitrailmosaique-600x600.png\" class=\"attachment-woocommerce_thumbnail size-woocommerce_thumbnail wvs-archive-product-image\" alt=\"Carte cadeau Sud Vitrail Mosa\u00efque\" loading=\"eager\" srcset=\"https:\/\/www.sudvitrailmosaique.fr\/wp-content\/uploads\/2020\/06\/Carte-cadeau-Sudvitrailmosaique.png 600w, https:\/\/www.sudvitrailmosaique.fr\/wp-content\/uploads\/2020\/06\/Carte-cadeau-Sudvitrailmosaique-300x300.png 300w, https:\/\/www.sudvitrailmosaique.fr\/wp-content\/uploads\/2020\/06\/Carte-cadeau-Sudvitrailmosaique-150x150.png 150w, https:\/\/www.sudvitrailmosaique.fr\/wp-content\/uploads\/2020\/06\/Carte-cadeau-Sudvitrailmosaique-100x100.png 100w\" sizes=\"(max-width: 600px) 100vw, 600px\" \/><\/a><div class=\"eael-product-title\">\n    <a href=\"https:\/\/www.sudvitrailmosaique.fr\/index.php\/produit\/carte-cadeau\/\" class=\"woocommerce-LoopProduct-link woocommerce-loop-product__link\"><h2 class=\"woocommerce-loop-product__title\">Carte cadeau<\/h2><\/a>\n    <\/div><div class=\"eael-star-rating star-rating\"><span style=\"width:0%\">Note <strong class=\"rating\">0<\/strong> sur 5<\/span><\/div><div class=\"eael-product-price\"><span class=\"woocommerce-Price-amount amount\"><bdi>20,00&nbsp;<span class=\"woocommerce-Price-currencySymbol\">&euro;<\/span><\/bdi><\/span> <span aria-hidden=\"true\">\u00a0\u2013\u00a0<\/span> <span class=\"woocommerce-Price-amount amount\"><bdi>100,00&nbsp;<span class=\"woocommerce-Price-currencySymbol\">&euro;<\/span><\/bdi><\/span><span class=\"screen-reader-text\">Plage de prix\u00a0: 20,00&nbsp;&euro; \u00e0 100,00&nbsp;&euro;<\/span><\/div>    <a href=\"https:\/\/www.sudvitrailmosaique.fr\/index.php\/produit\/carte-cadeau\/\" aria-describedby=\"woocommerce_loop_add_to_cart_link_describedby_4030\" data-quantity=\"1\" class=\"button product_type_gift-card add_to_cart_button\" data-product_id=\"4030\" data-product_sku=\"\" aria-label=\"En savoir plus sur &ldquo;Carte cadeau&rdquo;\" rel=\"nofollow\">Ajouter au panier<\/a>\t<span id=\"woocommerce_loop_add_to_cart_link_describedby_4030\" class=\"screen-reader-text\">\n\t\t\t<\/span>\n    \n<\/div>\n\n<\/li><\/ul>            <\/div>\n        <\/div>\n\n        <script type=\"text\/javascript\">\n            jQuery(document).ready(function($) {\n                var $scope = jQuery(\".elementor-element-447bab9\");\n                var $products = $('.products', $scope);\n                var $layout_mode = $products.data('layout-mode');\n                \n                if ( $layout_mode === 'masonry' ) {\n                    \/\/ init isotope\n                    var $isotope_products = $products.isotope({\n                        itemSelector: \"li.product\",\n                        layoutMode: $layout_mode,\n                        percentPosition: true\n                    });\n\n                    $isotope_products.imagesLoaded().progress( function() {\n                        $isotope_products.isotope('layout');\n                    })\n                    \n                }\n            });\n        <\/script>\n        \t\t\t\t<\/div>\n\t\t\t\t<\/div>\n\t\t\t\t\t<\/div>\n\t\t<\/div>\n\t\t\t\t\t<\/div>\n\t\t<\/section>\n\t\t\t\t<\/div>\n\t\t","protected":false},"excerpt":{"rendered":"<p>Stage d&rsquo;initiation au Vitrail Tiffany et\/ou Plomb &#8211; 5 jours Note 0 sur 5525,00&nbsp;&euro; Ajouter au panier Atelier Mosa\u00efque Perfectionnement &#8211; 8 cours de 3h Note 0 sur 5360,00&nbsp;&euro; Ajouter au panier Atelier Mosa\u00efque &#8211; Perfectionnement &#8211; 12 cours de 3h Note 0 sur 5495,00&nbsp;&euro; Ajouter au panier Atelier Mosa\u00efque cr\u00e9atif Note 0 sur 5198,00&nbsp;&euro; [&hellip;]<\/p>\n","protected":false},"author":5,"featured_media":0,"parent":0,"menu_order":0,"comment_status":"closed","ping_status":"closed","template":"","meta":{"ocean_post_layout":"","ocean_both_sidebars_style":"","ocean_both_sidebars_content_width":0,"ocean_both_sidebars_sidebars_width":0,"ocean_sidebar":"0","ocean_second_sidebar":"0","ocean_disable_margins":"enable","ocean_add_body_class":"","ocean_shortcode_before_top_bar":"","ocean_shortcode_after_top_bar":"","ocean_shortcode_before_header":"","ocean_shortcode_after_header":"","ocean_has_shortcode":"","ocean_shortcode_after_title":"","ocean_shortcode_before_footer_widgets":"","ocean_shortcode_after_footer_widgets":"","ocean_shortcode_before_footer_bottom":"","ocean_shortcode_after_footer_bottom":"","ocean_display_top_bar":"default","ocean_display_header":"default","ocean_header_style":"","ocean_center_header_left_menu":"0","ocean_custom_header_template":"0","ocean_custom_logo":0,"ocean_custom_retina_logo":0,"ocean_custom_logo_max_width":0,"ocean_custom_logo_tablet_max_width":0,"ocean_custom_logo_mobile_max_width":0,"ocean_custom_logo_max_height":0,"ocean_custom_logo_tablet_max_height":0,"ocean_custom_logo_mobile_max_height":0,"ocean_header_custom_menu":"0","ocean_menu_typo_font_family":"0","ocean_menu_typo_font_subset":"","ocean_menu_typo_font_size":0,"ocean_menu_typo_font_size_tablet":0,"ocean_menu_typo_font_size_mobile":0,"ocean_menu_typo_font_size_unit":"px","ocean_menu_typo_font_weight":"","ocean_menu_typo_font_weight_tablet":"","ocean_menu_typo_font_weight_mobile":"","ocean_menu_typo_transform":"","ocean_menu_typo_transform_tablet":"","ocean_menu_typo_transform_mobile":"","ocean_menu_typo_line_height":0,"ocean_menu_typo_line_height_tablet":0,"ocean_menu_typo_line_height_mobile":0,"ocean_menu_typo_line_height_unit":"","ocean_menu_typo_spacing":0,"ocean_menu_typo_spacing_tablet":0,"ocean_menu_typo_spacing_mobile":0,"ocean_menu_typo_spacing_unit":"","ocean_menu_link_color":"","ocean_menu_link_color_hover":"","ocean_menu_link_color_active":"","ocean_menu_link_background":"","ocean_menu_link_hover_background":"","ocean_menu_link_active_background":"","ocean_menu_social_links_bg":"","ocean_menu_social_hover_links_bg":"","ocean_menu_social_links_color":"","ocean_menu_social_hover_links_color":"","ocean_disable_title":"default","ocean_disable_heading":"default","ocean_post_title":"","ocean_post_subheading":"","ocean_post_title_style":"","ocean_post_title_background_color":"","ocean_post_title_background":0,"ocean_post_title_bg_image_position":"","ocean_post_title_bg_image_attachment":"","ocean_post_title_bg_image_repeat":"","ocean_post_title_bg_image_size":"","ocean_post_title_height":0,"ocean_post_title_bg_overlay":0.5,"ocean_post_title_bg_overlay_color":"","ocean_disable_breadcrumbs":"default","ocean_breadcrumbs_color":"","ocean_breadcrumbs_separator_color":"","ocean_breadcrumbs_links_color":"","ocean_breadcrumbs_links_hover_color":"","ocean_display_footer_widgets":"default","ocean_display_footer_bottom":"default","ocean_custom_footer_template":"0","footnotes":""},"class_list":["post-8221","page","type-page","status-publish","hentry","entry","has-media","owp-thumbs-layout-horizontal","owp-btn-very-big","owp-tabs-layout-horizontal","has-no-thumbnails","has-product-nav","circle-sale"],"yoast_head":"<!-- This site is optimized with the Yoast SEO plugin v27.4 - https:\/\/yoast.com\/product\/yoast-seo-wordpress\/ -->\n<title>Formations Vitrail et Mosa\u00efque - Sud Vitrail Mosa\u00efque<\/title>\n<meta name=\"description\" content=\"Formations vitrail et mosa\u00efque : apprenez les techniques artisanales avec une ma\u00eetre verri\u00e8re en Provence Verte. Savoir-faire au rendez-vous\" \/>\n<meta name=\"robots\" content=\"index, follow, max-snippet:-1, max-image-preview:large, max-video-preview:-1\" \/>\n<link rel=\"canonical\" href=\"https:\/\/www.sudvitrailmosaique.fr\/index.php\/formations-vitrail-mosaique\/\" \/>\n<meta property=\"og:locale\" content=\"fr_FR\" \/>\n<meta property=\"og:type\" content=\"article\" \/>\n<meta property=\"og:title\" content=\"Formations Vitrail et Mosa\u00efque - Sud Vitrail Mosa\u00efque\" \/>\n<meta property=\"og:description\" content=\"Formations vitrail et mosa\u00efque : apprenez les techniques artisanales avec une ma\u00eetre verri\u00e8re en Provence Verte. Savoir-faire au rendez-vous\" \/>\n<meta property=\"og:url\" content=\"https:\/\/www.sudvitrailmosaique.fr\/index.php\/formations-vitrail-mosaique\/\" \/>\n<meta property=\"og:site_name\" content=\"Sud Vitrail Mosa\u00efque\" \/>\n<meta property=\"article:publisher\" content=\"https:\/\/www.facebook.com\/Sudvitrailmosaique\/\" \/>\n<meta property=\"article:modified_time\" content=\"2025-05-26T07:52:12+00:00\" \/>\n<meta property=\"og:image\" content=\"https:\/\/www.sudvitrailmosaique.fr\/wp-content\/uploads\/2019\/01\/Formation-SudVitrailMosaique-1-600x600.jpg\" \/>\n<meta name=\"twitter:label1\" content=\"Dur\u00e9e de lecture estim\u00e9e\" \/>\n\t<meta name=\"twitter:data1\" content=\"2 minutes\" \/>\n<script type=\"application\/ld+json\" class=\"yoast-schema-graph\">{\"@context\":\"https:\\\/\\\/schema.org\",\"@graph\":[{\"@type\":\"WebPage\",\"@id\":\"https:\\\/\\\/www.sudvitrailmosaique.fr\\\/index.php\\\/formations-vitrail-mosaique\\\/\",\"url\":\"https:\\\/\\\/www.sudvitrailmosaique.fr\\\/index.php\\\/formations-vitrail-mosaique\\\/\",\"name\":\"Formations Vitrail et Mosa\u00efque - Sud Vitrail Mosa\u00efque\",\"isPartOf\":{\"@id\":\"https:\\\/\\\/www.sudvitrailmosaique.fr\\\/#website\"},\"primaryImageOfPage\":{\"@id\":\"https:\\\/\\\/www.sudvitrailmosaique.fr\\\/index.php\\\/formations-vitrail-mosaique\\\/#primaryimage\"},\"image\":{\"@id\":\"https:\\\/\\\/www.sudvitrailmosaique.fr\\\/index.php\\\/formations-vitrail-mosaique\\\/#primaryimage\"},\"thumbnailUrl\":\"https:\\\/\\\/www.sudvitrailmosaique.fr\\\/wp-content\\\/uploads\\\/2019\\\/01\\\/Formation-SudVitrailMosaique-1-600x600.jpg\",\"datePublished\":\"2024-08-10T04:35:45+00:00\",\"dateModified\":\"2025-05-26T07:52:12+00:00\",\"description\":\"Formations vitrail et mosa\u00efque : apprenez les techniques artisanales avec une ma\u00eetre verri\u00e8re en Provence Verte. Savoir-faire au rendez-vous\",\"breadcrumb\":{\"@id\":\"https:\\\/\\\/www.sudvitrailmosaique.fr\\\/index.php\\\/formations-vitrail-mosaique\\\/#breadcrumb\"},\"inLanguage\":\"fr-FR\",\"potentialAction\":[{\"@type\":\"ReadAction\",\"target\":[\"https:\\\/\\\/www.sudvitrailmosaique.fr\\\/index.php\\\/formations-vitrail-mosaique\\\/\"]}]},{\"@type\":\"ImageObject\",\"inLanguage\":\"fr-FR\",\"@id\":\"https:\\\/\\\/www.sudvitrailmosaique.fr\\\/index.php\\\/formations-vitrail-mosaique\\\/#primaryimage\",\"url\":\"https:\\\/\\\/www.sudvitrailmosaique.fr\\\/wp-content\\\/uploads\\\/2019\\\/01\\\/Formation-SudVitrailMosaique-1.jpg\",\"contentUrl\":\"https:\\\/\\\/www.sudvitrailmosaique.fr\\\/wp-content\\\/uploads\\\/2019\\\/01\\\/Formation-SudVitrailMosaique-1.jpg\",\"width\":600,\"height\":800},{\"@type\":\"BreadcrumbList\",\"@id\":\"https:\\\/\\\/www.sudvitrailmosaique.fr\\\/index.php\\\/formations-vitrail-mosaique\\\/#breadcrumb\",\"itemListElement\":[{\"@type\":\"ListItem\",\"position\":1,\"name\":\"Accueil\",\"item\":\"https:\\\/\\\/www.sudvitrailmosaique.fr\\\/\"},{\"@type\":\"ListItem\",\"position\":2,\"name\":\"Formations Vitrail et Mosa\u00efque\"}]},{\"@type\":\"WebSite\",\"@id\":\"https:\\\/\\\/www.sudvitrailmosaique.fr\\\/#website\",\"url\":\"https:\\\/\\\/www.sudvitrailmosaique.fr\\\/\",\"name\":\"Sud Vitrail Mosa\u00efque\",\"description\":\"La magie du Vitrail et de la Mosa\u00efque \u00e0 Brignoles (83170) dans le Var\",\"publisher\":{\"@id\":\"https:\\\/\\\/www.sudvitrailmosaique.fr\\\/#organization\"},\"potentialAction\":[{\"@type\":\"SearchAction\",\"target\":{\"@type\":\"EntryPoint\",\"urlTemplate\":\"https:\\\/\\\/www.sudvitrailmosaique.fr\\\/?s={search_term_string}\"},\"query-input\":{\"@type\":\"PropertyValueSpecification\",\"valueRequired\":true,\"valueName\":\"search_term_string\"}}],\"inLanguage\":\"fr-FR\"},{\"@type\":\"Organization\",\"@id\":\"https:\\\/\\\/www.sudvitrailmosaique.fr\\\/#organization\",\"name\":\"SUD VITRAIL MOSA\u00cfQUE\",\"url\":\"https:\\\/\\\/www.sudvitrailmosaique.fr\\\/\",\"logo\":{\"@type\":\"ImageObject\",\"inLanguage\":\"fr-FR\",\"@id\":\"https:\\\/\\\/www.sudvitrailmosaique.fr\\\/#\\\/schema\\\/logo\\\/image\\\/\",\"url\":\"https:\\\/\\\/www.sudvitrailmosaique.fr\\\/wp-content\\\/uploads\\\/2014\\\/01\\\/logo1.png\",\"contentUrl\":\"https:\\\/\\\/www.sudvitrailmosaique.fr\\\/wp-content\\\/uploads\\\/2014\\\/01\\\/logo1.png\",\"width\":120,\"height\":120,\"caption\":\"SUD VITRAIL MOSA\u00cfQUE\"},\"image\":{\"@id\":\"https:\\\/\\\/www.sudvitrailmosaique.fr\\\/#\\\/schema\\\/logo\\\/image\\\/\"},\"sameAs\":[\"https:\\\/\\\/www.facebook.com\\\/Sudvitrailmosaique\\\/\",\"https:\\\/\\\/www.pinterest.fr\\\/cjegauthier\\\/\",\"https:\\\/\\\/www.instagram.com\\\/sudvitrailmosaique\\\/\"]}]}<\/script>\n<!-- \/ Yoast SEO plugin. -->","yoast_head_json":{"title":"Formations Vitrail et Mosa\u00efque - Sud Vitrail Mosa\u00efque","description":"Formations vitrail et mosa\u00efque : apprenez les techniques artisanales avec une ma\u00eetre verri\u00e8re en Provence Verte. Savoir-faire au rendez-vous","robots":{"index":"index","follow":"follow","max-snippet":"max-snippet:-1","max-image-preview":"max-image-preview:large","max-video-preview":"max-video-preview:-1"},"canonical":"https:\/\/www.sudvitrailmosaique.fr\/index.php\/formations-vitrail-mosaique\/","og_locale":"fr_FR","og_type":"article","og_title":"Formations Vitrail et Mosa\u00efque - Sud Vitrail Mosa\u00efque","og_description":"Formations vitrail et mosa\u00efque : apprenez les techniques artisanales avec une ma\u00eetre verri\u00e8re en Provence Verte. Savoir-faire au rendez-vous","og_url":"https:\/\/www.sudvitrailmosaique.fr\/index.php\/formations-vitrail-mosaique\/","og_site_name":"Sud Vitrail Mosa\u00efque","article_publisher":"https:\/\/www.facebook.com\/Sudvitrailmosaique\/","article_modified_time":"2025-05-26T07:52:12+00:00","og_image":[{"url":"https:\/\/www.sudvitrailmosaique.fr\/wp-content\/uploads\/2019\/01\/Formation-SudVitrailMosaique-1-600x600.jpg","type":"","width":"","height":""}],"twitter_misc":{"Dur\u00e9e de lecture estim\u00e9e":"2 minutes"},"schema":{"@context":"https:\/\/schema.org","@graph":[{"@type":"WebPage","@id":"https:\/\/www.sudvitrailmosaique.fr\/index.php\/formations-vitrail-mosaique\/","url":"https:\/\/www.sudvitrailmosaique.fr\/index.php\/formations-vitrail-mosaique\/","name":"Formations Vitrail et Mosa\u00efque - Sud Vitrail Mosa\u00efque","isPartOf":{"@id":"https:\/\/www.sudvitrailmosaique.fr\/#website"},"primaryImageOfPage":{"@id":"https:\/\/www.sudvitrailmosaique.fr\/index.php\/formations-vitrail-mosaique\/#primaryimage"},"image":{"@id":"https:\/\/www.sudvitrailmosaique.fr\/index.php\/formations-vitrail-mosaique\/#primaryimage"},"thumbnailUrl":"https:\/\/www.sudvitrailmosaique.fr\/wp-content\/uploads\/2019\/01\/Formation-SudVitrailMosaique-1-600x600.jpg","datePublished":"2024-08-10T04:35:45+00:00","dateModified":"2025-05-26T07:52:12+00:00","description":"Formations vitrail et mosa\u00efque : apprenez les techniques artisanales avec une ma\u00eetre verri\u00e8re en Provence Verte. Savoir-faire au rendez-vous","breadcrumb":{"@id":"https:\/\/www.sudvitrailmosaique.fr\/index.php\/formations-vitrail-mosaique\/#breadcrumb"},"inLanguage":"fr-FR","potentialAction":[{"@type":"ReadAction","target":["https:\/\/www.sudvitrailmosaique.fr\/index.php\/formations-vitrail-mosaique\/"]}]},{"@type":"ImageObject","inLanguage":"fr-FR","@id":"https:\/\/www.sudvitrailmosaique.fr\/index.php\/formations-vitrail-mosaique\/#primaryimage","url":"https:\/\/www.sudvitrailmosaique.fr\/wp-content\/uploads\/2019\/01\/Formation-SudVitrailMosaique-1.jpg","contentUrl":"https:\/\/www.sudvitrailmosaique.fr\/wp-content\/uploads\/2019\/01\/Formation-SudVitrailMosaique-1.jpg","width":600,"height":800},{"@type":"BreadcrumbList","@id":"https:\/\/www.sudvitrailmosaique.fr\/index.php\/formations-vitrail-mosaique\/#breadcrumb","itemListElement":[{"@type":"ListItem","position":1,"name":"Accueil","item":"https:\/\/www.sudvitrailmosaique.fr\/"},{"@type":"ListItem","position":2,"name":"Formations Vitrail et Mosa\u00efque"}]},{"@type":"WebSite","@id":"https:\/\/www.sudvitrailmosaique.fr\/#website","url":"https:\/\/www.sudvitrailmosaique.fr\/","name":"Sud Vitrail Mosa\u00efque","description":"La magie du Vitrail et de la Mosa\u00efque \u00e0 Brignoles (83170) dans le Var","publisher":{"@id":"https:\/\/www.sudvitrailmosaique.fr\/#organization"},"potentialAction":[{"@type":"SearchAction","target":{"@type":"EntryPoint","urlTemplate":"https:\/\/www.sudvitrailmosaique.fr\/?s={search_term_string}"},"query-input":{"@type":"PropertyValueSpecification","valueRequired":true,"valueName":"search_term_string"}}],"inLanguage":"fr-FR"},{"@type":"Organization","@id":"https:\/\/www.sudvitrailmosaique.fr\/#organization","name":"SUD VITRAIL MOSA\u00cfQUE","url":"https:\/\/www.sudvitrailmosaique.fr\/","logo":{"@type":"ImageObject","inLanguage":"fr-FR","@id":"https:\/\/www.sudvitrailmosaique.fr\/#\/schema\/logo\/image\/","url":"https:\/\/www.sudvitrailmosaique.fr\/wp-content\/uploads\/2014\/01\/logo1.png","contentUrl":"https:\/\/www.sudvitrailmosaique.fr\/wp-content\/uploads\/2014\/01\/logo1.png","width":120,"height":120,"caption":"SUD VITRAIL MOSA\u00cfQUE"},"image":{"@id":"https:\/\/www.sudvitrailmosaique.fr\/#\/schema\/logo\/image\/"},"sameAs":["https:\/\/www.facebook.com\/Sudvitrailmosaique\/","https:\/\/www.pinterest.fr\/cjegauthier\/","https:\/\/www.instagram.com\/sudvitrailmosaique\/"]}]}},"_links":{"self":[{"href":"https:\/\/www.sudvitrailmosaique.fr\/index.php\/wp-json\/wp\/v2\/pages\/8221","targetHints":{"allow":["GET"]}}],"collection":[{"href":"https:\/\/www.sudvitrailmosaique.fr\/index.php\/wp-json\/wp\/v2\/pages"}],"about":[{"href":"https:\/\/www.sudvitrailmosaique.fr\/index.php\/wp-json\/wp\/v2\/types\/page"}],"author":[{"embeddable":true,"href":"https:\/\/www.sudvitrailmosaique.fr\/index.php\/wp-json\/wp\/v2\/users\/5"}],"replies":[{"embeddable":true,"href":"https:\/\/www.sudvitrailmosaique.fr\/index.php\/wp-json\/wp\/v2\/comments?post=8221"}],"version-history":[{"count":0,"href":"https:\/\/www.sudvitrailmosaique.fr\/index.php\/wp-json\/wp\/v2\/pages\/8221\/revisions"}],"wp:attachment":[{"href":"https:\/\/www.sudvitrailmosaique.fr\/index.php\/wp-json\/wp\/v2\/media?parent=8221"}],"curies":[{"name":"wp","href":"https:\/\/api.w.org\/{rel}","templated":true}]}}